{"id":9167,"date":"2023-02-24T09:09:44","date_gmt":"2023-02-24T09:09:44","guid":{"rendered":"https:\/\/www.anresis.ch\/microorganisms\/aspergillus-spp-2\/"},"modified":"2025-01-09T15:25:00","modified_gmt":"2025-01-09T15:25:00","slug":"aspergillus-spp-2","status":"publish","type":"microorganisms","link":"https:\/\/www.anresis.ch\/fr\/microorganisms\/aspergillus-spp-2\/","title":{"rendered":"Aspergillus spp."},"content":{"rendered":"<h2 class=\"wp-block-heading\">Les <em>Aspergillus<\/em> sont omnipr\u00e9sents dans la nature et provoquent un large \u00e9ventail de maladies chez l&rsquo;homme.<\/h2>\n<p>Les esp\u00e8ces d&rsquo;<em>Aspergillus<\/em> peuvent provoquer une aspergillose invasive potentiellement mortelle chez les h\u00f4tes immunod\u00e9prim\u00e9s. Les infections sont le plus souvent caus\u00e9es par <em>Aspergillus fumigatus<\/em>. N\u00e9anmoins, des esp\u00e8ces d&rsquo;<em>Aspergillus<\/em> non fumigatus sont de plus en plus souvent signal\u00e9es. En outre, la r\u00e9sistance aux azoles de <em>A. fumigatus<\/em> est apparue dans le monde entier et a \u00e9t\u00e9 associ\u00e9e \u00e0 un taux de mortalit\u00e9 \u00e9lev\u00e9 chez les h\u00f4tes immunod\u00e9prim\u00e9s.<\/p>\n<div class=\"ig-section\">\n<div class=\"wrapper\">\n<div class=\"holder\">\n<div class=\"ig-graphic-layout-single\">\n<div class=\"ig-item block-article graphic-placement-below graphic-size-fullwidth graphic-layout-single\">\n<div class=\"row\">\n<div class=\"ig-mobile-button-holder\">\n\t\t\t\t\t\t\t\t\t<a class=\"button\" href=\"https:\/\/www.anresis.ch\/interactive-graphic.php?src=https:\/\/www.anresis.ch\/shinyapps\/Resistance\/microorganisms_reduced_shiny\/?microorganism=Aspergillus\" target=\"_blank\">Voir graphique interactif<\/a>\n\t\t\t\t\t\t\t\t<\/div>\n<div class=\"ig-embed-col media-wrap\">\n<div class=\"ig-embed\">\n\t\t\t\t\t\t\t\t\t\t<iframe loading=\"lazy\" width=\"\" height=\"1000\" src=\"https:\/\/www.anresis.ch\/shinyapps\/Resistance\/microorganisms_reduced_shiny\/?microorganism=Aspergillus\"><\/iframe>\n\t\t\t\t\t\t\t\t\t<\/div>\n<p>\t\t\t\t\t\t\t\t\t\t\t\t\t\t\t\t\t\t\t<a class=\"ig full-screen\" data-fancybox data-src=\"#ig-popup-228\" href=\"javascript:;\"><span class=\"icon icon-full\"><\/span><span>Informations suppl\u00e9mentaires<\/span><\/a>\n\t\t\t\t\t\t\t\t\t\t\t\t\t\t\t\t\t<\/div>\n<\/p><\/div>\n<div style=\"display: none;\" class=\"ig-popup\" id=\"ig-popup-228\">\n<div class=\"wrap\">\n<div class=\"ig-popup-content ig-popup-col-accordion\">\n<div class=\"ig-content-col txt-wrap\"><\/div>\n<div class=\"ig-accordion accordion\" id=\"accordion\">\n<div class=\"ig-accordion-item\">\n<div class=\"ig-accordion-item-head\">\n\t\t\t\t\t\t\t\t\t\t\t\t\t\t\t\t<a href=\"#\" class=\"opener\">Utilisation du diagramme interactif<\/a>\n\t\t\t\t\t\t\t\t\t\t\t\t\t\t\t<\/div>\n<div class=\"ig-accordion-item-content slide\">\n<p>Choisissez un microorganisme souhait\u00e9e dans le menu d\u00e9roulant. Pour activer\/d\u00e9sactiver les s\u00e9ries temporelles ou des intervalles de confiance, cliquez sur les cases \u00e0 cocher. Lorsque vous d\u00e9placez la souris sur le diagramme, une barre d&rsquo;outils s&rsquo;affiche, qui permet d&rsquo;autres fonctions telles que le zoom ou l&rsquo;\u00e9tiquetage des donn\u00e9es. La r\u00e9partition des esp\u00e8ces peut \u00eatre repr\u00e9sent\u00e9e en pourcentage ou en chiffres absolus (ces derniers peuvent augmenter au fil du temps, \u00e0 mesure que le r\u00e9seau ANRESIS s&rsquo;\u00e9tend).<\/p>\n<\/p><\/div>\n<\/p><\/div>\n<div class=\"ig-accordion-item\">\n<div class=\"ig-accordion-item-head\">\n\t\t\t\t\t\t\t\t\t\t\t\t\t\t\t\t<a href=\"#\" class=\"opener\">Abr\u00e9viations<\/a>\n\t\t\t\t\t\t\t\t\t\t\t\t\t\t\t<\/div>\n<div class=\"ig-accordion-item-content slide\">\n<p><strong>95% CI: <\/strong>Intervalle de confiance de 95%<\/p>\n<\/p><\/div>\n<\/p><\/div>\n<div class=\"ig-accordion-item\">\n<div class=\"ig-accordion-item-head\">\n\t\t\t\t\t\t\t\t\t\t\t\t\t\t\t\t<a href=\"#\" class=\"opener\">Structure et traitement des donn\u00e9es<\/a>\n\t\t\t\t\t\t\t\t\t\t\t\t\t\t\t<\/div>\n<div class=\"ig-accordion-item-content slide\">\n<p>Tous les isolats qui ont \u00e9t\u00e9 test\u00e9s contre les (cat\u00e9gories d&rsquo;) antimycosic correspondants ont \u00e9t\u00e9 utilis\u00e9s pour cette analyse. Si plusieurs antimycosic \u00e9taient test\u00e9s dans la m\u00eame cat\u00e9gorie, le r\u00e9sultat le plus r\u00e9sistant \u00e9tait pris en compte. Seul le premier isolat par patient, microorganisme et ann\u00e9e civile a \u00e9t\u00e9 inclus. Concernant le diagramme en barres empil\u00e9es : lors de la d\u00e9duplication, seule la combinaison antimycosic-microorganisme avec le N le plus \u00e9lev\u00e9 a \u00e9t\u00e9 prise en compte ici. Les r\u00e9sultats sont rapport\u00e9s tels que fournis par les laboratoires. Le nombre de laboratoires participants \u00e9volue avec le temps, ce qui peut \u00e9galement affecter les r\u00e9sultats. Ces donn\u00e9es de r\u00e9sistance sont pr\u00e9sent\u00e9es pour la surveillance \u00e9pid\u00e9miologique et ne doivent pas \u00eatre interpr\u00e9t\u00e9es comme une recommandation th\u00e9rapeutique en soi.<\/p>\n<\/p><\/div>\n<\/p><\/div>\n<\/p><\/div>\n<\/p><\/div>\n<div class=\"ig-popup-col-embed\">\n\t\t\t\t\t\t\t\t\t\t\t<iframe loading=\"lazy\" width=\"\" height=\"1000\" src=\"https:\/\/www.anresis.ch\/shinyapps\/Resistance\/microorganisms_reduced_shiny\/?microorganism=Aspergillus\"><\/iframe>\n\t\t\t\t\t\t\t\t\t\t<\/div>\n<\/p><\/div>\n<\/p><\/div>\n<\/p><\/div>\n<\/p><\/div>\n<\/p><\/div>\n<\/p><\/div>\n<\/p><\/div>\n","protected":false},"featured_media":8921,"parent":0,"template":"","meta":{"_acf_changed":false,"inline_featured_image":false},"class_list":["post-9167","microorganisms","type-microorganisms","status-publish","has-post-thumbnail","hentry"],"acf":[],"yoast_head":"<!-- This site is optimized with the Yoast SEO plugin v26.7 - https:\/\/yoast.com\/wordpress\/plugins\/seo\/ -->\n<title>Aspergillus spp. - ANRESIS<\/title>\n<meta name=\"robots\" content=\"index, follow, max-snippet:-1, max-image-preview:large, max-video-preview:-1\" \/>\n<link rel=\"canonical\" href=\"https:\/\/www.anresis.ch\/fr\/microorganisms\/aspergillus-spp-2\/\" \/>\n<meta property=\"og:locale\" content=\"fr_FR\" \/>\n<meta property=\"og:type\" content=\"article\" \/>\n<meta property=\"og:title\" content=\"Aspergillus spp. - ANRESIS\" \/>\n<meta property=\"og:description\" content=\"Les Aspergillus sont omnipr\u00e9sents dans la nature et provoquent un large \u00e9ventail de maladies chez l&rsquo;homme. Les esp\u00e8ces d&rsquo;Aspergillus peuvent provoquer une aspergillose invasive potentiellement mortelle chez les h\u00f4tes immunod\u00e9prim\u00e9s. Les infections sont le plus souvent caus\u00e9es par Aspergillus fumigatus. N\u00e9anmoins, des esp\u00e8ces d&rsquo;Aspergillus non fumigatus sont de plus en plus souvent signal\u00e9es. En outre, [&hellip;]\" \/>\n<meta property=\"og:url\" content=\"https:\/\/www.anresis.ch\/fr\/microorganisms\/aspergillus-spp-2\/\" \/>\n<meta property=\"og:site_name\" content=\"ANRESIS\" \/>\n<meta property=\"article:modified_time\" content=\"2025-01-09T15:25:00+00:00\" \/>\n<meta name=\"twitter:card\" content=\"summary_large_image\" \/>\n<meta name=\"twitter:label1\" content=\"Dur\u00e9e de lecture estim\u00e9e\" \/>\n\t<meta name=\"twitter:data1\" content=\"1 minute\" \/>\n<script type=\"application\/ld+json\" class=\"yoast-schema-graph\">{\"@context\":\"https:\/\/schema.org\",\"@graph\":[{\"@type\":\"WebPage\",\"@id\":\"https:\/\/www.anresis.ch\/fr\/microorganisms\/aspergillus-spp-2\/\",\"url\":\"https:\/\/www.anresis.ch\/fr\/microorganisms\/aspergillus-spp-2\/\",\"name\":\"Aspergillus spp. - ANRESIS\",\"isPartOf\":{\"@id\":\"https:\/\/www.anresis.ch\/#website\"},\"primaryImageOfPage\":{\"@id\":\"https:\/\/www.anresis.ch\/fr\/microorganisms\/aspergillus-spp-2\/#primaryimage\"},\"image\":{\"@id\":\"https:\/\/www.anresis.ch\/fr\/microorganisms\/aspergillus-spp-2\/#primaryimage\"},\"thumbnailUrl\":\"https:\/\/www.anresis.ch\/wp-content\/uploads\/2023\/02\/aspergillus_weiss.svg\",\"datePublished\":\"2023-02-24T09:09:44+00:00\",\"dateModified\":\"2025-01-09T15:25:00+00:00\",\"breadcrumb\":{\"@id\":\"https:\/\/www.anresis.ch\/fr\/microorganisms\/aspergillus-spp-2\/#breadcrumb\"},\"inLanguage\":\"fr-FR\",\"potentialAction\":[{\"@type\":\"ReadAction\",\"target\":[\"https:\/\/www.anresis.ch\/fr\/microorganisms\/aspergillus-spp-2\/\"]}]},{\"@type\":\"ImageObject\",\"inLanguage\":\"fr-FR\",\"@id\":\"https:\/\/www.anresis.ch\/fr\/microorganisms\/aspergillus-spp-2\/#primaryimage\",\"url\":\"https:\/\/www.anresis.ch\/wp-content\/uploads\/2023\/02\/aspergillus_weiss.svg\",\"contentUrl\":\"https:\/\/www.anresis.ch\/wp-content\/uploads\/2023\/02\/aspergillus_weiss.svg\"},{\"@type\":\"BreadcrumbList\",\"@id\":\"https:\/\/www.anresis.ch\/fr\/microorganisms\/aspergillus-spp-2\/#breadcrumb\",\"itemListElement\":[{\"@type\":\"ListItem\",\"position\":1,\"name\":\"Home\",\"item\":\"https:\/\/www.anresis.ch\/fr\/\"},{\"@type\":\"ListItem\",\"position\":2,\"name\":\"Aspergillus spp.\"}]},{\"@type\":\"WebSite\",\"@id\":\"https:\/\/www.anresis.ch\/#website\",\"url\":\"https:\/\/www.anresis.ch\/\",\"name\":\"ANRESIS\",\"description\":\"Swiss Centre for Antibiotic Resistance\",\"publisher\":{\"@id\":\"https:\/\/www.anresis.ch\/#organization\"},\"potentialAction\":[{\"@type\":\"SearchAction\",\"target\":{\"@type\":\"EntryPoint\",\"urlTemplate\":\"https:\/\/www.anresis.ch\/?s={search_term_string}\"},\"query-input\":{\"@type\":\"PropertyValueSpecification\",\"valueRequired\":true,\"valueName\":\"search_term_string\"}}],\"inLanguage\":\"fr-FR\"},{\"@type\":\"Organization\",\"@id\":\"https:\/\/www.anresis.ch\/#organization\",\"name\":\"ANRESIS\",\"url\":\"https:\/\/www.anresis.ch\/\",\"logo\":{\"@type\":\"ImageObject\",\"inLanguage\":\"fr-FR\",\"@id\":\"https:\/\/www.anresis.ch\/#\/schema\/logo\/image\/\",\"url\":\"https:\/\/www.anresis.ch\/wp-content\/uploads\/2019\/12\/anresis_logo.svg\",\"contentUrl\":\"https:\/\/www.anresis.ch\/wp-content\/uploads\/2019\/12\/anresis_logo.svg\",\"caption\":\"ANRESIS\"},\"image\":{\"@id\":\"https:\/\/www.anresis.ch\/#\/schema\/logo\/image\/\"}}]}<\/script>\n<!-- \/ Yoast SEO plugin. -->","yoast_head_json":{"title":"Aspergillus spp. - ANRESIS","robots":{"index":"index","follow":"follow","max-snippet":"max-snippet:-1","max-image-preview":"max-image-preview:large","max-video-preview":"max-video-preview:-1"},"canonical":"https:\/\/www.anresis.ch\/fr\/microorganisms\/aspergillus-spp-2\/","og_locale":"fr_FR","og_type":"article","og_title":"Aspergillus spp. - ANRESIS","og_description":"Les Aspergillus sont omnipr\u00e9sents dans la nature et provoquent un large \u00e9ventail de maladies chez l&rsquo;homme. Les esp\u00e8ces d&rsquo;Aspergillus peuvent provoquer une aspergillose invasive potentiellement mortelle chez les h\u00f4tes immunod\u00e9prim\u00e9s. Les infections sont le plus souvent caus\u00e9es par Aspergillus fumigatus. N\u00e9anmoins, des esp\u00e8ces d&rsquo;Aspergillus non fumigatus sont de plus en plus souvent signal\u00e9es. En outre, [&hellip;]","og_url":"https:\/\/www.anresis.ch\/fr\/microorganisms\/aspergillus-spp-2\/","og_site_name":"ANRESIS","article_modified_time":"2025-01-09T15:25:00+00:00","twitter_card":"summary_large_image","twitter_misc":{"Dur\u00e9e de lecture estim\u00e9e":"1 minute"},"schema":{"@context":"https:\/\/schema.org","@graph":[{"@type":"WebPage","@id":"https:\/\/www.anresis.ch\/fr\/microorganisms\/aspergillus-spp-2\/","url":"https:\/\/www.anresis.ch\/fr\/microorganisms\/aspergillus-spp-2\/","name":"Aspergillus spp. - ANRESIS","isPartOf":{"@id":"https:\/\/www.anresis.ch\/#website"},"primaryImageOfPage":{"@id":"https:\/\/www.anresis.ch\/fr\/microorganisms\/aspergillus-spp-2\/#primaryimage"},"image":{"@id":"https:\/\/www.anresis.ch\/fr\/microorganisms\/aspergillus-spp-2\/#primaryimage"},"thumbnailUrl":"https:\/\/www.anresis.ch\/wp-content\/uploads\/2023\/02\/aspergillus_weiss.svg","datePublished":"2023-02-24T09:09:44+00:00","dateModified":"2025-01-09T15:25:00+00:00","breadcrumb":{"@id":"https:\/\/www.anresis.ch\/fr\/microorganisms\/aspergillus-spp-2\/#breadcrumb"},"inLanguage":"fr-FR","potentialAction":[{"@type":"ReadAction","target":["https:\/\/www.anresis.ch\/fr\/microorganisms\/aspergillus-spp-2\/"]}]},{"@type":"ImageObject","inLanguage":"fr-FR","@id":"https:\/\/www.anresis.ch\/fr\/microorganisms\/aspergillus-spp-2\/#primaryimage","url":"https:\/\/www.anresis.ch\/wp-content\/uploads\/2023\/02\/aspergillus_weiss.svg","contentUrl":"https:\/\/www.anresis.ch\/wp-content\/uploads\/2023\/02\/aspergillus_weiss.svg"},{"@type":"BreadcrumbList","@id":"https:\/\/www.anresis.ch\/fr\/microorganisms\/aspergillus-spp-2\/#breadcrumb","itemListElement":[{"@type":"ListItem","position":1,"name":"Home","item":"https:\/\/www.anresis.ch\/fr\/"},{"@type":"ListItem","position":2,"name":"Aspergillus spp."}]},{"@type":"WebSite","@id":"https:\/\/www.anresis.ch\/#website","url":"https:\/\/www.anresis.ch\/","name":"ANRESIS","description":"Swiss Centre for Antibiotic Resistance","publisher":{"@id":"https:\/\/www.anresis.ch\/#organization"},"potentialAction":[{"@type":"SearchAction","target":{"@type":"EntryPoint","urlTemplate":"https:\/\/www.anresis.ch\/?s={search_term_string}"},"query-input":{"@type":"PropertyValueSpecification","valueRequired":true,"valueName":"search_term_string"}}],"inLanguage":"fr-FR"},{"@type":"Organization","@id":"https:\/\/www.anresis.ch\/#organization","name":"ANRESIS","url":"https:\/\/www.anresis.ch\/","logo":{"@type":"ImageObject","inLanguage":"fr-FR","@id":"https:\/\/www.anresis.ch\/#\/schema\/logo\/image\/","url":"https:\/\/www.anresis.ch\/wp-content\/uploads\/2019\/12\/anresis_logo.svg","contentUrl":"https:\/\/www.anresis.ch\/wp-content\/uploads\/2019\/12\/anresis_logo.svg","caption":"ANRESIS"},"image":{"@id":"https:\/\/www.anresis.ch\/#\/schema\/logo\/image\/"}}]}},"_links":{"self":[{"href":"https:\/\/www.anresis.ch\/fr\/wp-json\/wp\/v2\/microorganisms\/9167","targetHints":{"allow":["GET"]}}],"collection":[{"href":"https:\/\/www.anresis.ch\/fr\/wp-json\/wp\/v2\/microorganisms"}],"about":[{"href":"https:\/\/www.anresis.ch\/fr\/wp-json\/wp\/v2\/types\/microorganisms"}],"wp:featuredmedia":[{"embeddable":true,"href":"https:\/\/www.anresis.ch\/fr\/wp-json\/wp\/v2\/media\/8921"}],"wp:attachment":[{"href":"https:\/\/www.anresis.ch\/fr\/wp-json\/wp\/v2\/media?parent=9167"}],"curies":[{"name":"wp","href":"https:\/\/api.w.org\/{rel}","templated":true}]}}